{"id":8,"date":"2018-04-03T13:22:09","date_gmt":"2018-04-03T11:22:09","guid":{"rendered":"http:\/\/re-unir.net\/?page_id=8"},"modified":"2025-09-06T07:57:11","modified_gmt":"2025-09-06T05:57:11","slug":"qui-suis-je","status":"publish","type":"page","link":"https:\/\/re-unir.net\/index.php\/qui-suis-je\/","title":{"rendered":"Qui suis-je?"},"content":{"rendered":"<div class=\"wp-block-image\">\n<figure class=\"alignleft is-resized\"><img loading=\"lazy\" decoding=\"async\" width=\"1024\" height=\"768\" src=\"http:\/\/re-unir.net\/wp-content\/uploads\/2018\/04\/IMG_4286-1024x768.jpg\" alt=\"\" class=\"wp-image-186\" style=\"width:817px;height:auto\" srcset=\"https:\/\/re-unir.net\/wp-content\/uploads\/2018\/04\/IMG_4286-1024x768.jpg 1024w, https:\/\/re-unir.net\/wp-content\/uploads\/2018\/04\/IMG_4286-300x225.jpg 300w, https:\/\/re-unir.net\/wp-content\/uploads\/2018\/04\/IMG_4286-768x576.jpg 768w\" sizes=\"(max-width: 1024px) 100vw, 1024px\" \/><\/figure><\/div>\n\n\n<p>Pendant plusieurs ann\u00e9es, je me suis engag\u00e9e en faveur de la paix des familles en offrant un service de conseils et de m\u00e9diation.<\/p>\n\n\n\n<p>Fort de cette exp\u00e9rience de gestion des conflits entre parents, parents et enfants et d\u2019une formation en psychologie freudienne et jungienne, syst\u00e9mique, psycho-corporelle incluant l&#8217;hypnose et l&#8217;approche sensori-motrice et \u00e9nerg\u00e9tique, je choisis d\u2019exercer mon m\u00e9tier en pleine conscience et de vous \u00e9couter et soutenir dans un chemin th\u00e9rapeutique apportant bien-\u00eatre notamment psychique, \u00e9motionnel et corporel.<\/p>\n\n\n\n<p><strong><u>Parcours<\/u><\/strong>:<\/p>\n\n\n\n<ul>\n<li><strong>Intervention syst\u00e9mique familiale et institutionnelle<\/strong> (en entreprise), <strong>la Foresti\u00e8re asbl<\/strong>, Bruxelles, 4 ann\u00e9es, en partenariat avec l&#8217;Universit\u00e9 Libre de Bruxelles (ULB) avec Annig SEGERS-LAURENT, V\u00e9ronique WENDERICKX et Claudio PICCIRELLI -2008\/2012 et \u00e0 <strong>l\u2019accademia di psychoterapia di Roma<\/strong>, Rome, avec le professeur ANDOLFI et Dr Anna MASCELLANI \u2013 Approche transg\u00e9n\u00e9rationnelle (sur trois g\u00e9n\u00e9rations)\u2013 Famille, couple, enfants et adolescents.<\/li>\n\n\n\n<li><strong>Psychoth\u00e9rapie psychanalytique<\/strong> \u2013 Philosophies et th\u00e9rapies appliqu\u00e9es jungiennes, <strong>EEPA,<\/strong> Paris, 5 ann\u00e9es avec Nicole AKNIN en 2009 et assistante de formation &#8211; promotion 4 pendant 5 ans. Responsable de l&#8217;\u00e9cole Belge \u00e0 Bruxelles depuis 2019.<\/li>\n\n\n\n<li><strong>Th\u00e9rapie psycho-corporelle et transpersonnelle<\/strong> incluant des soins corporels et \u00e9nerg\u00e9tiques, <strong>EMTE,<\/strong> Bruxelles, 4 ann\u00e9es, avec Lara SZYPER et Michel LEROUX, de 2016 \u00e0 2019, compl\u00e9t\u00e9s par une approche approfondie des diff\u00e9rents corps \u00e9nerg\u00e9tiques en 2025.<\/li>\n\n\n\n<li><strong>ABIPFS<\/strong>, Association Belge pour l\u2019Intervention et la Psychoth\u00e9rapie familiale Syst\u00e9mique (membre depuis 2012) et <strong>AIFI,<\/strong> Association&nbsp;internationale francophone des intervenants aupr\u00e8s des familles s\u00e9par\u00e9es<\/li>\n\n\n\n<li>Approche <strong>Sensori-motrice (Neuro biologie et corps)<\/strong> de Pat OGDEN et Raphael GAZON, sur le<strong> trauma<\/strong> en un an en 2020,<\/li>\n\n\n\n<li>Approche en <strong>hypnose strat\u00e9gique et conversationnelle Ericksonienne (PTR)<\/strong> en 2023 avec G\u00e9rald Brassine<\/li>\n\n\n\n<li>Approche en <strong>m\u00e9decine &#8220;Endobiog\u00e9nie&#8221;<\/strong> sur le stress, pendant 3 ans avec le Docteur Charbel Abi Chahine ( 2020-2023),<\/li>\n\n\n\n<li>Formation en <strong>&nbsp;lithoth\u00e9rapie <\/strong>(soins&nbsp;avec les pierres)&nbsp;avec R\u00e9gina Martino, La Roche M\u00e8re, Paris en 2019 et <strong>musicoth\u00e9rapie <\/strong>(soins de gu\u00e9risons par la voix Aeolia)&nbsp;en 2023<\/li>\n\n\n\n<li>Formation en <strong>coaching <\/strong>chez Coaching Ways en 2024<\/li>\n\n\n\n<li><strong>M\u00e9diation<\/strong>, dipl\u00f4me universitaire<strong> IFOMENE<\/strong>, Paris, 2 ann\u00e9es, avec Stephen BENSIMON et m\u00e9diatrice agr\u00e9\u00e9e par la Commission f\u00e9d\u00e9rale de m\u00e9diation, familiale, sociale, Bruxelles, depuis 15 ann\u00e9es,<\/li>\n<\/ul>\n\n\n<div class=\"wp-block-image\">\n<figure class=\"alignright is-resized\"><img loading=\"lazy\" decoding=\"async\" width=\"1024\" height=\"897\" src=\"http:\/\/re-unir.net\/wp-content\/uploads\/2018\/04\/IMG_3460-1-1024x897.jpg\" alt=\"\" class=\"wp-image-226\" style=\"width:799px;height:auto\" srcset=\"https:\/\/re-unir.net\/wp-content\/uploads\/2018\/04\/IMG_3460-1-1024x897.jpg 1024w, https:\/\/re-unir.net\/wp-content\/uploads\/2018\/04\/IMG_3460-1-300x263.jpg 300w, https:\/\/re-unir.net\/wp-content\/uploads\/2018\/04\/IMG_3460-1-768x673.jpg 768w, https:\/\/re-unir.net\/wp-content\/uploads\/2018\/04\/IMG_3460-1.jpg 1881w\" sizes=\"(max-width: 1024px) 100vw, 1024px\" \/><\/figure><\/div>\n\n\n<ul>\n<li><strong>Supervision collective, individuelle et intervisions cliniques<\/strong> avec Jean van HEMELRIJCK, psychologue syst\u00e9micien et assistant \u00e0 l\u2019 U.L.B., Jean-Pierre CAHEN, Psychanalyste, traducteur d\u2019ouvrages Jungiens, Lara SZYPER, psychologue et th\u00e9rapeute psychocorporel transpersonnel EMTE, Cor VREUGDENHIL, psychologue syst\u00e9micien, Nicole AKNIN, Psychanalyste Jungienne et directrice de la Sigmund Freud University \u00e0 Paris.<\/li>\n\n\n\n<li><strong>Conseil dans les affaires familiales<\/strong>, patrimoniales et successorales et pour managers et gestionnaire de ressources humaines dans l\u2019entreprise,<\/li>\n<\/ul>\n\n\n\n<p><strong><u>Code \u00e9thique et de conduite professionnelle<\/u><\/strong><strong>:<\/strong><\/p>\n\n\n\n<p>Le Code \u00e9thique et de conduite professionnelle d\u00e9crit la qualit\u00e9 d\u2019exercice professionnel que les th\u00e9rapeutes psycho-corporels et transpersonnels se doivent d\u2019assurer pour prot\u00e9ger \u00e0 la fois leurs clients et les professionnels.<\/p>\n\n\n\n<p>Les&nbsp;engagements sont les suivants&nbsp;:<\/p>\n\n\n<div class=\"wp-block-image\">\n<figure class=\"alignleft\"><img loading=\"lazy\" decoding=\"async\" width=\"455\" height=\"196\" src=\"http:\/\/re-unir.net\/wp-content\/uploads\/2018\/04\/Capture-d\u2019\u00e9cran-2018-04-12-\u00e0-22.42.21.png\" alt=\"\" class=\"wp-image-190\" srcset=\"https:\/\/re-unir.net\/wp-content\/uploads\/2018\/04\/Capture-d\u2019\u00e9cran-2018-04-12-\u00e0-22.42.21.png 455w, https:\/\/re-unir.net\/wp-content\/uploads\/2018\/04\/Capture-d\u2019\u00e9cran-2018-04-12-\u00e0-22.42.21-300x129.png 300w\" sizes=\"(max-width: 455px) 100vw, 455px\" \/><\/figure><\/div>\n\n\n<p>R1. L\u2019objectif des th\u00e9rapeutes est de&nbsp;soutenir chaque client dans son&nbsp;processus unique de&nbsp;gu\u00e9rison avec comp\u00e9tence, int\u00e9grit\u00e9 et compassion.<\/p>\n\n\n\n<p>R2. Les praticien(ne)s sont respectueux des droits et de la dignit\u00e9 de leurs clients et sont les protecteurs du bien-\u00eatre de ceux-ci.<\/p>\n\n\n\n<p>R3. Les th\u00e9rapeutes accordent toute leur attention aux dires des client(e)s quant \u00e0 l\u2019exp\u00e9rience propre&nbsp;de ces derniers(es).<\/p>\n\n\n\n<p>R4. Les th\u00e9rapeutes respectent la valeur et l\u2019histoire de vie de chaque client(e) quelque soit l\u2019\u00e2ge, le sexe, l\u2019ethnie, les&nbsp;origines culturelles, la religion, l\u2019orientation sexuelle, les handicaps, la langue&nbsp;et le statut socio-\u00e9conomique. Les th\u00e9rapeutes essayent autant que possible d\u2019\u00eatre conscients et d\u2019\u00eatre sensibles aux diff\u00e9rences culturelles et individuelles.<\/p>\n\n\n\n<p>R5. Les th\u00e9rapeutes consid\u00e8rent comme confidentielle toute information re\u00e7ue dans le cadre professionnel: aucune information ne sera divulgu\u00e9e sous aucune forme permettant de reconna\u00eetre l\u2019identit\u00e9 du client, sauf si c\u2019est avec son accord.&nbsp;La confidentialit\u00e9 et l\u2019anonymat sont respect\u00e9s dans les discussions professionnelles de cas avec des enseignants ou coll\u00e8gues.<\/p>\n\n\n\n<p>R6. Les th\u00e9rapeutes ne portent pas de diagnostic m\u00e9dical, ne font pas de prescription m\u00e9dicale&#8230;<\/p>\n\n\n\n<p>R7. Les th\u00e9rapeutes doivent prendre les renseignements n\u00e9cessaires sur l\u2019\u00e9tat de sant\u00e9 actuel et pass\u00e9 du (de la) client(e) (et discuter tout probl\u00e8me&nbsp;physique&nbsp;qui peut \u00eatre une contre-indication&nbsp;au travail corporel&#8230;<\/p>\n\n\n\n<p>R7. Les th\u00e9rapeutes travaillent en fonction de leurs formations et comp\u00e9tences et r\u00e9f\u00e8rent le(a) client(e) \u00e0 d\u2019autres professionnels quand c\u2019est n\u00e9cessaire.<\/p>\n\n\n\n<p>R8. Les praticiens doivent toujours avoir \u00e0 l\u2019esprit que leur propre comportement peut se r\u00e9percuter sur d\u2019autres praticien(ne)s.<\/p>\n\n\n\n<p>R9. Les th\u00e9rapeutes sont garant(e)s des fronti\u00e8res professionnelles claires avec leurs client(e)s et pourront dialoguer avec les patients \u00e0 ce sujet\u2026Ils soutiennent le(a) client(e) \u00e0 r\u00e9soudre la question de la d\u00e9pendance au th\u00e9rapeute.<\/p>\n\n\n\n<p>R10. Les th\u00e9rapeutes ne peuvent sugg\u00e9rer, initier ou s\u2019engager dans une relation romantique ou sexuelle avec leurs clients. Ils (elles) sont les garant(e)s d\u2019un environnement de gu\u00e9rison s\u00e9curisant. Si ces fronti\u00e8res ne sont plus assez claires, ils (elles) mettent fin \u00e0 la relation professionnelle et vont se faire superviser ou consulter le comit\u00e9 d&#8217;\u00e9thique des psychologues.<\/p>\n\n\n\n<p>R11. Les th\u00e9rapeutes\u2026 <em>veillent \u00e0 l\u2019intimit\u00e9 de leur client(e).<\/em><\/p>\n\n\n\n<p>R12. Dans le cas o\u00f9 un(e) client(e) ou un(e) coll\u00e8gue repr\u00e9sente un danger personnel ou public, les th\u00e9rapeutes sont invit\u00e9(e)s \u00e0 adresser cette personne directement au service comp\u00e9tent.<\/p>\n\n\n\n<p>R13. Les th\u00e9rapeutes sont respectueux de la r\u00e9putation de leurs coll\u00e8gues\u2026<\/p>\n","protected":false},"excerpt":{"rendered":"<p>Pendant plusieurs ann\u00e9es, je me suis engag\u00e9e en faveur de la paix des familles en offrant un service de conseils et de m\u00e9diation. Fort de cette exp\u00e9rience de gestion des conflits entre parents, parents et enfants et d\u2019une formation en psychologie freudienne et jungienne, syst\u00e9mique, psycho-corporelle incluant l&#8217;hypnose et l&#8217;approche sensori-motrice et \u00e9nerg\u00e9tique, je choisis [&hellip;]<\/p>\n","protected":false},"author":1,"featured_media":0,"parent":0,"menu_order":0,"comment_status":"closed","ping_status":"closed","template":"","meta":{"footnotes":""},"_links":{"self":[{"href":"https:\/\/re-unir.net\/index.php\/wp-json\/wp\/v2\/pages\/8"}],"collection":[{"href":"https:\/\/re-unir.net\/index.php\/wp-json\/wp\/v2\/pages"}],"about":[{"href":"https:\/\/re-unir.net\/index.php\/wp-json\/wp\/v2\/types\/page"}],"author":[{"embeddable":true,"href":"https:\/\/re-unir.net\/index.php\/wp-json\/wp\/v2\/users\/1"}],"replies":[{"embeddable":true,"href":"https:\/\/re-unir.net\/index.php\/wp-json\/wp\/v2\/comments?post=8"}],"version-history":[{"count":29,"href":"https:\/\/re-unir.net\/index.php\/wp-json\/wp\/v2\/pages\/8\/revisions"}],"predecessor-version":[{"id":283,"href":"https:\/\/re-unir.net\/index.php\/wp-json\/wp\/v2\/pages\/8\/revisions\/283"}],"wp:attachment":[{"href":"https:\/\/re-unir.net\/index.php\/wp-json\/wp\/v2\/media?parent=8"}],"curies":[{"name":"wp","href":"https:\/\/api.w.org\/{rel}","templated":true}]}}