{"id":7,"date":"2018-04-03T13:22:09","date_gmt":"2018-04-03T11:22:09","guid":{"rendered":"http:\/\/re-unir.net\/?page_id=7"},"modified":"2025-09-06T08:07:01","modified_gmt":"2025-09-06T06:07:01","slug":"soins","status":"publish","type":"page","link":"https:\/\/re-unir.net\/index.php\/soins\/","title":{"rendered":"Comment?"},"content":{"rendered":"\n<p><strong><u>Th\u00e9rapie individuelle psycho-corporelle&nbsp;<\/u><\/strong><\/p>\n\n\n\n<p><em><span style=\"color: #999999;\"><span style=\"color: #33cccc;\">\u00ab&nbsp;<strong>Le corps ne peut trouver d\u2019\u00e9quilibre qu\u2019avec une vie psychique unifi\u00e9e&nbsp;<\/strong><\/span>\u00bb<\/span> Ecole Atmaran<\/em><\/p>\n\n\n<div class=\"wp-block-image\">\n<figure class=\"alignleft\"><img loading=\"lazy\" decoding=\"async\" width=\"768\" height=\"1024\" src=\"http:\/\/re-unir.net\/wp-content\/uploads\/2018\/04\/IMG_2226-1-768x1024.jpg\" alt=\"\" class=\"wp-image-220\" srcset=\"https:\/\/re-unir.net\/wp-content\/uploads\/2018\/04\/IMG_2226-1.jpg 768w, https:\/\/re-unir.net\/wp-content\/uploads\/2018\/04\/IMG_2226-1-225x300.jpg 225w\" sizes=\"(max-width: 768px) 100vw, 768px\" \/><\/figure><\/div>\n\n\n<p>J\u2019aborde les v\u00e9cus, l\u2019histoire familiale et transg\u00e9n\u00e9rationnelle, les probl\u00e9matiques physiques -psychosomatiques &#8211; psychologiques et existentielles&#8230; \u00e0 travers le langage des mots, du corps et des \u00e9motions.<\/p>\n\n\n\n<p>Certaines personnes ont des difficult\u00e9s \u00e0 s\u2019exprimer avec des mots. Le fait de les rencontrer dans et par leur corps les aide \u00e0 aller \u00e0 la rencontre d\u2019elles-m\u00eames et \u00e0 s\u2019ouvrir \u00e0 un accompagnement &nbsp;th\u00e9rapeutique.<\/p>\n\n\n\n<p>D\u2019autres personnes&nbsp;ont d\u00e9j\u00e0 entrepris des d\u00e9marches psychoth\u00e9rapeutiques plus classiques ax\u00e9es sur le langage verbal et souhaitent essayer d\u2019autres alternatives ou sentent la n\u00e9cessit\u00e9 de donner de l\u2019importance \u00e0 leurs corps &#8220;qui ne ment pas&#8221;.<\/p>\n\n\n\n<p>Outre l&#8217;utilisation de l&#8217;hypnose ou de l&#8217;approche en endobiog\u00e9nie, des soins corporels, \u00e9nerg\u00e9tiques et vibratoires peuvent \u00eatre donn\u00e9s&nbsp;: lib\u00e9ration de stress \u00e9motionnel et harmonisation du corps, de m\u00e9moires transg\u00e9n\u00e9rationnelles, karmiques ou akashiques, r\u00e9\u00e9quilibrage mobilisant la respiration\u2026.<\/p>\n\n\n\n<p><u><span style=\"font-family: 'Helvetica Neue Light';\">Dur\u00e9e<\/span><\/u><span style=\"font-family: 'Helvetica Neue Light';\">: 50\u2019 &#8211;&nbsp;<u>Participation<\/u>: 70 \u20ac&nbsp;la s\u00e9ance<\/span><\/p>\n\n\n\n<p><u><span style=\"font-family: 'Helvetica Neue Light';\">Dur\u00e9e<\/span><\/u>: 6<span style=\"font-family: 'Helvetica Neue Light';\">0<\/span>&#8216;-&nbsp;<span style=\"font-family: 'Helvetica Neue Light';\"><u>Participation<\/u>: 80 \u20ac&nbsp;la s\u00e9ance<\/span><\/p>\n\n\n\n<p><strong><u>Th\u00e9rapie de couple ou familiale <\/u><\/strong><u>seule ou \u00e0 deux avec un th\u00e9rapeute homme selon demande (Cor Vreugdenhil, Jean De Lathouwer)<\/u>, en fran\u00e7ais et\/ou en anglais<\/p>\n\n\n\n<p><span style=\"color: #99ccff;\"><em>\u00ab&nbsp;<strong>Nul besoin de penser \u00e0 se s\u00e9parer pour commencer \u00e0 prendre soin de son couple et de sa famille et imaginer vivre dans une plus grande joie et harmonie&nbsp;<\/strong>\u00bb <\/em><\/span><\/p>\n\n\n<div class=\"wp-block-image\">\n<figure class=\"alignright\"><img loading=\"lazy\" decoding=\"async\" width=\"1024\" height=\"768\" src=\"http:\/\/re-unir.net\/wp-content\/uploads\/2018\/04\/IMG_3307-1024x768.jpg\" alt=\"\" class=\"wp-image-218\" srcset=\"https:\/\/re-unir.net\/wp-content\/uploads\/2018\/04\/IMG_3307-1024x768.jpg 1024w, https:\/\/re-unir.net\/wp-content\/uploads\/2018\/04\/IMG_3307-300x225.jpg 300w, https:\/\/re-unir.net\/wp-content\/uploads\/2018\/04\/IMG_3307-768x576.jpg 768w\" sizes=\"(max-width: 1024px) 100vw, 1024px\" \/><\/figure><\/div>\n\n\n<p><strong>La vie de couple<\/strong> est travers\u00e9e par diff\u00e9rentes phases de vie, questions et difficult\u00e9s&nbsp;: mariages, divorces, recompositions de m\u00e9nages, naissances ou probl\u00e8mes de fertilit\u00e9, sexualit\u00e9, d\u00e9parts, d\u00e9c\u00e8s, conflits quotidiens, infid\u00e9lit\u00e9s, jeux de pouvoir, pertes ou changements de travail, d\u00e9m\u00e9nagements ou emm\u00e9nagements dans un<span style=\"text-decoration: line-through;\">e<\/span> nouveau lieu, vieillesse, difficult\u00e9s de communication, personnalit\u00e9s narcissiques&#8230;<\/p>\n\n\n\n<p><strong>La vie de famille<\/strong> n\u2019est pas toujours un \u00ab&nbsp;long fleuve tranquille&nbsp;\u00bb : difficult\u00e9s dans le couple conjugal et parental, scolarit\u00e9 difficile d\u2019un enfant ou du mal \u00e0 prendre sa place dans la fratrie ou&nbsp;la famille, arriv\u00e9e et d\u00e9part d\u2019un enfant ou d\u2019un parent, maladie, toxicomanie, d\u00e9c\u00e8s d\u2019un membre de la famille, agressions, emprise, ali\u00e9nation parentale.<\/p>\n\n\n\n<p>Les th\u00e9rapies s\u2019adressent \u00e0 tous ceux qui \u00e9prouvent un sentiment de mal-\u00eatre au sein de leur couple ou de leur famille, qui \u00e9prouvent une <strong>sensation de perte de rep\u00e8res, d&#8217;appartenance<\/strong>, <strong>une \u00e9motion<\/strong> qui n\u2019est pas ou plus comprise par ses proches. Elles s\u2019adressent aussi aux familles et couples en crise, qui ne parviennent pas ou <strong>plus \u00e0 s\u2019adapter au changement<\/strong> de l\u2019un des leurs ou au changement de la \u00ab&nbsp;soci\u00e9t\u00e9&nbsp;\u00bb dans son ensemble. Elles s\u2019adressent \u00e0 chaque situation o\u00f9 l\u2019un, plusieurs, parfois tous les membres du couple ou de la famille pourrait dire&nbsp;\u00ab&nbsp;<strong><em>j\u2019ai mal \u00e0 mon couple&nbsp;<\/em><\/strong>\u00bb, \u00ab<strong>&nbsp;<\/strong><em><strong>j\u2019ai mal \u00e0 ma famille<\/strong>&nbsp;<\/em>\u00bb.<\/p>\n\n\n\n<p>En fonction des situations et m\u2019appuyant sur des concepts de la th\u00e9rapie syst\u00e9mique, analytique jungienne&#8230; &nbsp;:<\/p>\n\n\n\n<p>&#8211; j\u2019accompagnerai le couple ou la famille \u00e0 faire face \u00e0 un changement n\u00e9cessaire ou \u00e0 traverser une \u00e9preuve particuli\u00e8re,<\/p>\n\n\n\n<p>&#8211; j\u2019aiderai les couples et familles \u00e0 poser un regard neuf ou diff\u00e9rend sur leur relation amoureuse et familiale,<\/p>\n\n\n\n<p>&#8211; j\u2019interrogerai les valeurs communes qui fondent la singularit\u00e9 du couple ou de la famille afin d\u2019op\u00e9rer si n\u00e9cessaire des r\u00e9ajustements relationnels apaisants pour tous,<\/p>\n\n\n\n<p>&#8211; je soutiendrai et si n\u00e9cessaire j\u2019activerai les comp\u00e9tences propres des couples et familles \u00e0 prendre soin de ses membres.<\/p>\n\n\n\n<p><u><span style=\"font-family: 'Helvetica Neue Light';\">Dur\u00e9e<\/span><\/u><span style=\"font-family: 'Helvetica Neue Light';\">: 60\u2019 &#8211;&nbsp;<u>Participation<\/u>: 120 \u20ac la s\u00e9ance seule ou \u00e0 160\u20ac \u00e0 deux<br>\n<\/span><\/p>\n\n\n\n<p><strong><u>Intervention en entreprise, en milieu scolaire ou toute autre organisation<\/u><\/strong> (en fran\u00e7ais et\/ou en anglais)<\/p>\n\n\n<div class=\"wp-block-image\">\n<figure class=\"alignleft\"><img decoding=\"async\" src=\"http:\/\/re-unir.net\/wp-content\/uploads\/2018\/04\/C5B1271C-A350-45DA-B607-F38B60D4D08C.jpeg\" alt=\"\"\/><\/figure><\/div>\n\n\n<p><br> Pour <strong>am\u00e9liorer la relation entre personnes<\/strong><strong> \u2013 <\/strong>travail sur le respect ou courtoisie, le mieux vivre ensemble  ou gr\u00e2ce au coaching<\/p>\n\n\n\n<p>Ou pour <strong>soutenir individuellement<\/strong> les personnes suite \u00e0 des situations de burn-out, d\u00e9pression, harc\u00e8lement ou l&#8217;accompagner gr\u00e2ce \u00e0 un coaching professionnel.<\/p>\n\n\n\n<p><span style=\"font-family: 'Helvetica Neue Light';\"><u>Dur\u00e9e<\/u>&#8211;<\/span><span style=\"font-family: 'Helvetica Neue Light';\"><u>Participation<\/u>:&nbsp;\u00e0 d\u00e9terminer ensemble dans l\u2019offre<\/span><\/p>\n\n\n\n<p><strong><u>Supervision individuelle ou collective de th\u00e9rapeutes ou de m\u00e9diateur.e.s ainsi que stage sur le &#8220;handicap du th\u00e9rapeute ou du m\u00e9diateur.e&#8221; <\/u><\/strong><u> \u00e0 deux avec un autre th\u00e9rapeute selon demande (Cor Vreugdenhil, Jean De Lathouwer)<\/u>, en fran\u00e7ais et\/ou en anglais<\/p>\n\n\n\n<p><span style=\"font-family: 'Helvetica Neue Light';\"><u>Dur\u00e9e<\/u>&#8211;<u>Participation<\/u>:\u00a0\u00e0 d\u00e9terminer ensemble dans l\u2019offre<\/span><\/p>\n","protected":false},"excerpt":{"rendered":"<p>Th\u00e9rapie individuelle psycho-corporelle&nbsp; \u00ab&nbsp;Le corps ne peut trouver d\u2019\u00e9quilibre qu\u2019avec une vie psychique unifi\u00e9e&nbsp;\u00bb Ecole Atmaran J\u2019aborde les v\u00e9cus, l\u2019histoire familiale et transg\u00e9n\u00e9rationnelle, les probl\u00e9matiques physiques -psychosomatiques &#8211; psychologiques et existentielles&#8230; \u00e0 travers le langage des mots, du corps et des \u00e9motions. Certaines personnes ont des difficult\u00e9s \u00e0 s\u2019exprimer avec des mots. Le fait de [&hellip;]<\/p>\n","protected":false},"author":1,"featured_media":0,"parent":0,"menu_order":0,"comment_status":"closed","ping_status":"closed","template":"","meta":{"footnotes":""},"_links":{"self":[{"href":"https:\/\/re-unir.net\/index.php\/wp-json\/wp\/v2\/pages\/7"}],"collection":[{"href":"https:\/\/re-unir.net\/index.php\/wp-json\/wp\/v2\/pages"}],"about":[{"href":"https:\/\/re-unir.net\/index.php\/wp-json\/wp\/v2\/types\/page"}],"author":[{"embeddable":true,"href":"https:\/\/re-unir.net\/index.php\/wp-json\/wp\/v2\/users\/1"}],"replies":[{"embeddable":true,"href":"https:\/\/re-unir.net\/index.php\/wp-json\/wp\/v2\/comments?post=7"}],"version-history":[{"count":39,"href":"https:\/\/re-unir.net\/index.php\/wp-json\/wp\/v2\/pages\/7\/revisions"}],"predecessor-version":[{"id":287,"href":"https:\/\/re-unir.net\/index.php\/wp-json\/wp\/v2\/pages\/7\/revisions\/287"}],"wp:attachment":[{"href":"https:\/\/re-unir.net\/index.php\/wp-json\/wp\/v2\/media?parent=7"}],"curies":[{"name":"wp","href":"https:\/\/api.w.org\/{rel}","templated":true}]}}