{"id":5,"date":"2018-04-03T13:22:09","date_gmt":"2018-04-03T11:22:09","guid":{"rendered":"http:\/\/re-unir.net\/?page_id=5"},"modified":"2025-09-06T07:38:16","modified_gmt":"2025-09-06T05:38:16","slug":"therapie-psychocorporelle","status":"publish","type":"page","link":"https:\/\/re-unir.net\/","title":{"rendered":"Th\u00e9rapie psycho-corporelle"},"content":{"rendered":"\n<h2 class=\"wp-block-heading\"><img loading=\"lazy\" decoding=\"async\" class=\"wp-image-29 alignleft\" src=\"http:\/\/re-unir.net\/wp-content\/uploads\/2018\/04\/B1747220-ACAE-4655-8BD8-3B2353B49BF3-1024x763.jpeg\" alt=\"\" width=\"245\" height=\"183\" srcset=\"https:\/\/re-unir.net\/wp-content\/uploads\/2018\/04\/B1747220-ACAE-4655-8BD8-3B2353B49BF3-1024x763.jpeg 1024w, https:\/\/re-unir.net\/wp-content\/uploads\/2018\/04\/B1747220-ACAE-4655-8BD8-3B2353B49BF3-300x224.jpeg 300w, https:\/\/re-unir.net\/wp-content\/uploads\/2018\/04\/B1747220-ACAE-4655-8BD8-3B2353B49BF3-768x572.jpeg 768w, https:\/\/re-unir.net\/wp-content\/uploads\/2018\/04\/B1747220-ACAE-4655-8BD8-3B2353B49BF3.jpeg 1271w\" sizes=\"(max-width: 245px) 100vw, 245px\" \/><\/h2>\n\n\n\n<p><em><span style=\"color: #008000;\">\u00ab&nbsp;<\/span><span style=\"color: #000000;\"><span style=\"color: #008000;\"><strong>L\u2019esprit cache, se voile des choses&nbsp;; mais le corps sait, peut-\u00eatre.<\/strong><\/span>&nbsp;<\/span>\u00bb <\/em>Henri Bauchau<\/p>\n\n\n\n<p><strong>La th\u00e9rapie psycho-corporelle et transpersonnelle<\/strong> est apparue dans les ann\u00e9es 1930. William Reich, \u00e9l\u00e8ve de Freud a commenc\u00e9 \u00e0 faire le lien entre les troubles du comportement et des tensions sp\u00e9cifiques dans le corps. Le corps garde les blessures \u00e9motionnelles et j&#8217;ajoute des m\u00e9moires transg\u00e9n\u00e9rationnelles, karmiques et akashiques.<\/p>\n\n\n\n<p>Cette approche utilise <strong>le langage conscient et inconscient de la totalit\u00e9 de l\u2019\u00eatre humain<\/strong><strong>: <\/strong>les diff\u00e9rents  corps et notamment physique, la respiration, les mots, les pens\u00e9es et les croyances, les \u00e9motions, les r\u00eaves et toutes les \u00e9nergies de la personne.<\/p>\n\n\n\n<p>Le corps, l\u2019esprit et l&#8217;\u00e2me sont en interaction et nous ne pouvons dissocier ces trois dimensions de notre soi. Consid\u00e9rer les unes plus que les autres am\u00e8nerait un d\u00e9s\u00e9quilibre de vie aussi bien physique, psychique que relationnel.<\/p>\n\n\n\n<p><strong>Cette approche est aussi syst\u00e9mique<\/strong> en consid\u00e9rant chaque cas dans son entit\u00e9, dans son contexte&nbsp;et son environnement&nbsp;: situation conjugale et familiale, milieu socioculturel, vie professionnelle, scolaire\u2026<\/p>\n\n\n\n<p>Concevoir l\u2019individu s\u00e9par\u00e9 de son milieu est aussi inconcevable que la notion de dualit\u00e9 corps\/esprit. Carl Gustave Jung traduit ces interf\u00e9rences par des processus \u00e9nerg\u00e9tiques inclus dans la libido primordiale et admet les formes de <em>\u00ab&nbsp;domaine d\u2019action magique de la psych\u00e9&nbsp;<\/em>\u00bb transformant la puissance de l\u2019esprit humain dans des symboles ou des mythes fondamentaux qui l\u2019am\u00e8nent \u00e0 cr\u00e9er un \u00e9quilibre sain entre introversion et extraversion dont le r\u00eave est d\u2019ordinaire le r\u00e9gulateur naturel.<\/p>\n\n\n\n<p>Le corps a \u00e9galement son langage pour r\u00e9soudre les blocages \u00e9motionnels c\u2019est pourquoi une approche fondamentale de la totalit\u00e9 de l\u2019\u00eatre dans son unit\u00e9 est propos\u00e9e.<\/p>\n\n\n\n<p>La th\u00e9rapie psycho-corporelle est une th\u00e9rapie humaniste.<\/p>\n\n\n\n<p>Elle est centr\u00e9e sur la personne. <strong>Son objectif est de proposer une relation th\u00e9rapeute\/patient, engag\u00e9e et en pleine conscience, <\/strong>pour confirmer l\u2019exp\u00e9rience du moi (partie consciente)<strong> et favoriser l\u2019\u00e9panouissement de sa personnalit\u00e9 pour plus d\u2019ind\u00e9pendance et d\u2019autonomie.<\/strong><\/p>\n\n\n\n<p>La personne a en elle<strong>&nbsp;les ressources<\/strong> pour parvenir \u00e0 prendre conscience de sa vraie nature.<\/p>\n\n\n<div class=\"wp-block-image\">\n<figure class=\"alignleft\"><img loading=\"lazy\" decoding=\"async\" width=\"1024\" height=\"768\" src=\"http:\/\/re-unir.net\/wp-content\/uploads\/2018\/04\/IMG_4254-1024x768.jpg\" alt=\"\" class=\"wp-image-205\" srcset=\"https:\/\/re-unir.net\/wp-content\/uploads\/2018\/04\/IMG_4254-1024x768.jpg 1024w, https:\/\/re-unir.net\/wp-content\/uploads\/2018\/04\/IMG_4254-300x225.jpg 300w, https:\/\/re-unir.net\/wp-content\/uploads\/2018\/04\/IMG_4254-768x576.jpg 768w\" sizes=\"(max-width: 1024px) 100vw, 1024px\" \/><\/figure><\/div>\n\n\n<p>Par le toucher du corps, sentant les diff\u00e9rents corps, des \u00e9motions, des pens\u00e9es et de l\u2019\u00e2me, avec amour, la personne se r\u00e9v\u00e9lera \u00e0 elle-m\u00eame.<\/p>\n\n\n\n<p>Cette approche a prouv\u00e9 ses effets th\u00e9rapeutiques et permet d\u2019obtenir des r\u00e9sultats probants dans\u00a0: <strong>les probl\u00e8mes existentiels, relationnels, gestion du stress et des \u00e9motions, s\u00e9parations et processus de deuil, douleurs psychiques et physiques incluant les agressions, troubles du poids, troubles anxieux et d\u00e9pressifs, troubles du sommeil et autres moments charni\u00e8res de la vie\u00a0: grossesse, m\u00e9nopause\u2026. <\/strong><\/p>\n\n\n\n<p>Cette approche compl\u00e9t\u00e9e en fonction du besoin par celles en\u00a0<strong>sensorimotrice, en hypnose strat\u00e9gique et conversationnelle Ericksonnienne (PTR), en endobiog\u00e9nie <\/strong>(m\u00e9decine int\u00e9grative et stress), <strong>musicoth\u00e9rapie<\/strong>\u00a0(chant vibratoire) et en <strong>conscience \u00e9nerg\u00e9tique<\/strong> permet aux patients de vivre une vraie transformation sur tous les plans de conscience.<\/p>\n","protected":false},"excerpt":{"rendered":"<p>\u00ab&nbsp;L\u2019esprit cache, se voile des choses&nbsp;; mais le corps sait, peut-\u00eatre.&nbsp;\u00bb Henri Bauchau La th\u00e9rapie psycho-corporelle et transpersonnelle est apparue dans les ann\u00e9es 1930. William Reich, \u00e9l\u00e8ve de Freud a commenc\u00e9 \u00e0 faire le lien entre les troubles du comportement et des tensions sp\u00e9cifiques dans le corps. Le corps garde les blessures \u00e9motionnelles et j&#8217;ajoute [&hellip;]<\/p>\n","protected":false},"author":1,"featured_media":0,"parent":0,"menu_order":0,"comment_status":"closed","ping_status":"closed","template":"","meta":{"footnotes":""},"_links":{"self":[{"href":"https:\/\/re-unir.net\/index.php\/wp-json\/wp\/v2\/pages\/5"}],"collection":[{"href":"https:\/\/re-unir.net\/index.php\/wp-json\/wp\/v2\/pages"}],"about":[{"href":"https:\/\/re-unir.net\/index.php\/wp-json\/wp\/v2\/types\/page"}],"author":[{"embeddable":true,"href":"https:\/\/re-unir.net\/index.php\/wp-json\/wp\/v2\/users\/1"}],"replies":[{"embeddable":true,"href":"https:\/\/re-unir.net\/index.php\/wp-json\/wp\/v2\/comments?post=5"}],"version-history":[{"count":25,"href":"https:\/\/re-unir.net\/index.php\/wp-json\/wp\/v2\/pages\/5\/revisions"}],"predecessor-version":[{"id":277,"href":"https:\/\/re-unir.net\/index.php\/wp-json\/wp\/v2\/pages\/5\/revisions\/277"}],"wp:attachment":[{"href":"https:\/\/re-unir.net\/index.php\/wp-json\/wp\/v2\/media?parent=5"}],"curies":[{"name":"wp","href":"https:\/\/api.w.org\/{rel}","templated":true}]}}