{"id":10,"date":"2018-04-03T13:22:09","date_gmt":"2018-04-03T11:22:09","guid":{"rendered":"http:\/\/re-unir.net\/?page_id=10"},"modified":"2025-09-06T08:02:30","modified_gmt":"2025-09-06T06:02:30","slug":"me-rencontrer","status":"publish","type":"page","link":"https:\/\/re-unir.net\/index.php\/me-rencontrer\/","title":{"rendered":"Lire"},"content":{"rendered":"\n<p><strong><u>R\u00e9f\u00e9rences bibliographiques<\/u><\/strong><\/p>\n\n\n\n<p><span style=\"color: #339966;\"><strong>A la d\u00e9couverte de la psychanalyse&nbsp;et de l\u2019interpr\u00e9tation des r\u00eaves&nbsp;<\/strong><\/span><strong>:<\/strong><\/p>\n\n\n\n<ul>\n<li><img loading=\"lazy\" decoding=\"async\" width=\"235\" height=\"176\" class=\"wp-image-192 alignright\" style=\"text-align: justify;\" src=\"http:\/\/re-unir.net\/wp-content\/uploads\/2018\/04\/IMG_2622-1024x768.jpg\" alt=\"\" srcset=\"https:\/\/re-unir.net\/wp-content\/uploads\/2018\/04\/IMG_2622-1024x768.jpg 1024w, https:\/\/re-unir.net\/wp-content\/uploads\/2018\/04\/IMG_2622-300x225.jpg 300w, https:\/\/re-unir.net\/wp-content\/uploads\/2018\/04\/IMG_2622-768x576.jpg 768w\" sizes=\"(max-width: 235px) 100vw, 235px\" \/>Stefan ZWEIG, <em>Sigmund Freud : La Gu\u00e9rison par l\u2019esprit<\/em>, Le Livre de Poche, 2010<\/li>\n\n\n\n<li>Carl Gustav JUNG, <em>Ma vie<\/em>, Folio, 1991<\/li>\n\n\n\n<li>Carl Gustav JUNG, <em>L\u2019analyse des r\u00eaves\u00a0: Notes du s\u00e9minaire de 1928-1930<\/em>, Tome 1 et Tome 2, Albin Michel, 2005 et 2006<\/li>\n\n\n\n<li>Marie Louise VON FRANZ, <em>La voie des r\u00eaves\u00a0: Entretien avec Fraser Boa<\/em>, La<br><br>fontaine de pierre, 2008<\/li>\n\n\n\n<li>Jean CHEVALIER et Alain GHEERBRANT, <em>Dictionnaire des symboles\u00a0: Mythes, r\u00eaves, coutumes, gestes, formes, figures, couleurs, nombres<\/em>, Robert Laffont \/ Jupiter, 1997<\/li>\n<\/ul>\n\n\n\n<p><span style=\"color: #ff0000;\"><strong>A&nbsp;<\/strong><strong>la d\u00e9<\/strong><strong>cou<\/strong><strong>verte&nbsp;<\/strong><\/span><strong><span style=\"color: #ff0000;\">de la th\u00e9rapie existentielle<\/span>&nbsp;<\/strong><strong>: <\/strong>questionnement sur la mort, le sens de la vie&#8230;<\/p>\n\n\n\n<ul>\n<li>Irvin YALOM, <em>Mensonges sur le divan<\/em>, Le Livre de Poche, 2013<\/li>\n\n\n\n<li>Irvin YALOM, <em>Th\u00e9rapie existentielle<\/em>, Le Livre de Poche, 2017<\/li>\n\n\n\n<li>Irvin YALOM, <em>Le bourreau de l\u2019amour\u00a0: Histoires de psychoth\u00e9rapie<\/em>, Le Livre de Poche, 2012<\/li>\n\n\n\n<li>Irvin YALOM, <em>Le probl\u00e8me Spinoza<\/em>, Le Livre de Poche, 2014<\/li>\n<\/ul>\n\n\n\n<p><strong><span style=\"color: #000080;\">A la d\u00e9couverte de la th\u00e9rapie de couple et familiale syst\u00e9mique<\/span>:<\/strong><\/p>\n\n\n\n<ul>\n<li><img loading=\"lazy\" decoding=\"async\" width=\"235\" height=\"176\" class=\"wp-image-175 alignright\" src=\"http:\/\/re-unir.net\/wp-content\/uploads\/2018\/04\/IMG_1710-1024x768.jpg\" alt=\"\" srcset=\"https:\/\/re-unir.net\/wp-content\/uploads\/2018\/04\/IMG_1710-1024x768.jpg 1024w, https:\/\/re-unir.net\/wp-content\/uploads\/2018\/04\/IMG_1710-300x225.jpg 300w, https:\/\/re-unir.net\/wp-content\/uploads\/2018\/04\/IMG_1710-768x576.jpg 768w\" sizes=\"(max-width: 235px) 100vw, 235px\" \/>Pr Maurizio ANDOLFI, <em>La forteresse familiale\u00a0: un mod\u00e8le de clinique relationnelle<\/em>, Dunod, 1993<\/li>\n\n\n\n<li>Pr Maurizio ANDOLFI et Dr Anna MASCELLANI, <em>Histoires d\u2019adolescence\u00a0: Exp\u00e9riences de th\u00e9rapie familiale<\/em>, De boeck, 2013<\/li>\n\n\n\n<li>Pr Maurizio ANDOLFI, Claudio ANGELO et Paola D\u2019ATENA, <em>La th\u00e9rapie racont\u00e9e par les familles\u00a0: Un regard r\u00e9trospectif selon le mod\u00e8le transg\u00e9n\u00e9rationnel<\/em>, De boeck, 2008<\/li>\n\n\n\n<li>Pr Maurizio ANDOLFI, <em>La th\u00e9rapie familiale multig\u00e9n\u00e9rationnelle\u00a0: Outils et ressources pour le th\u00e9rapeute<\/em>, De boeck, 2018<\/li>\n\n\n\n<li>Paul WATZLAWICK, <em>Faites vous-m\u00eame votre malheur<\/em>, Points, 2014<\/li>\n\n\n\n<li>Robert NEUBURGER, <em>\u00ab\u00a0On arr\u00eate\u00a0? \u2026 on continue\u00a0?\u00a0\u00bb\u00a0: Faire son bilan de couple<\/em>, PayotPsy, 2017<\/li>\n\n\n\n<li>Robert NEUBURGER, <em>Les familles qui ont la t\u00eate \u00e0 l\u2019envers\u00a0: Revivre apr\u00e8s un traumatisme familial<\/em>, Odile Jacob, 2017<\/li>\n\n\n\n<li>Guy AUSLOOS, <em>La comp\u00e9tence des familles\u00a0: Temps, chaos, processus<\/em>, Er\u00e8s, 1995<\/li>\n\n\n\n<li>Jean VAN HEMELRIJCK, <em>La mal s\u00e9paration\u00a0: Pourquoi on n\u2019est pas s\u00e9par\u00e9s alors qu\u2019on n\u2019est plus ensemble<\/em>, PayotPsy, 2016<\/li>\n\n\n\n<li>Mony ELKAIM, <em>Si tu m\u2019aimes, ne m\u2019aimes pas\u00a0: Approche syst\u00e9mique et psychoth\u00e9rapie<\/em>, Points, 2014<\/li>\n\n\n\n<li>Ivan BOSZORMENYI-NAGY,\u00a0La th\u00e9rapie contextuelle, une nouvelle figure de l\u2019enfant dans le champ de la th\u00e9rapie familiale, De Boeck, 2005<\/li>\n<\/ul>\n\n\n\n<p><span style=\"color: #808000;\"><strong>A la d\u00e9couverte de la th\u00e9rapie transpersonnelle et approche corporelle et \u00e9nerg\u00e9tiques:<\/strong><\/span><\/p>\n\n\n\n<ul>\n<li>Barbara-Ann BRENNAN, <em>Le pouvoir b\u00e9n\u00e9fique des mains<\/em>, Tchou, 2015<\/li>\n\n\n\n<li>Barbara-Ann BRENNAN, <em>Gu\u00e9rir par la lumi\u00e8re<\/em>, Tchou, 2011<\/li>\n\n\n\n<li>Marie Lise LABONTE, <em>Mouvements d\u2019\u00e9veil corporel\u00a0: Na\u00eetre \u00e0 son corps, m\u00e9thode de lib\u00e9ration des cuirasses MLC<\/em>, Les \u00e9ditions de l\u2019Homme, 2004<\/li>\n\n\n\n<li>Sylvie DETHIOLLAZ, scientifique et Claude Charles FOURNIER, psychoth\u00e9rapeute, <em>Voyage aux confins de la conscience, dix ann\u00e9es d\u2019exploration scientifique des sorties hors du corps, le cas Nicolas Fraisse,<\/em> Guy Tredaniel, 2016<\/li>\n\n\n\n<li> David PERROUD\u00a0<em>les Ames du temps perdu<\/em>, Jouvence Poche, 2021.<\/li>\n<\/ul>\n\n\n\n<p><span style=\"color: #339966;\"><strong>A la d\u00e9couverte de l&#8217;hypnose Ericksonienne,&nbsp;<span style=\"caret-color: #808000;\">strat\u00e9gique<\/span>&nbsp;et conversationnelle PTR:<\/strong><\/span><\/p>\n\n\n\n<ul>\n<li>Milton H. ERICKSON, <em>L&#8217;int\u00e9grale des articles de Milton H. Erickson<\/em>, tome 1, 2 et 3, 2009<\/li>\n\n\n\n<li>G\u00e9rald BRASSINE et Nadia TONGLET, <em>Surmonter le taumatisme &#8211; initiation \u00e0 la PTR<\/em>, 2022<\/li>\n\n\n\n<li>G\u00e9rald BRASSINE, <em>Viols et agressions sexuelles avec usage de stup\u00e9fiants, Traitement PTR (Psychoth\u00e9rapie du Trauma R\u00e9associative),<\/em> 2014<\/li>\n<\/ul>\n\n\n<div class=\"wp-block-image\">\n<figure class=\"alignright\"><img loading=\"lazy\" decoding=\"async\" width=\"1024\" height=\"768\" src=\"http:\/\/re-unir.net\/wp-content\/uploads\/2018\/04\/IMG_4196-1024x768.jpg\" alt=\"\" class=\"wp-image-194\" srcset=\"https:\/\/re-unir.net\/wp-content\/uploads\/2018\/04\/IMG_4196-1024x768.jpg 1024w, https:\/\/re-unir.net\/wp-content\/uploads\/2018\/04\/IMG_4196-300x225.jpg 300w, https:\/\/re-unir.net\/wp-content\/uploads\/2018\/04\/IMG_4196-768x576.jpg 768w\" sizes=\"(max-width: 1024px) 100vw, 1024px\" \/><\/figure><\/div>\n\n\n<p><strong><span style=\"color: #99ccff;\">A la d\u00e9couverte d\u2019ouvrages cl\u00e9s en d\u00e9veloppement personnel et familial:<\/span><\/strong><\/p>\n\n\n\n<ul>\n<li>Thierry JANSSEN<em>, Le travail d\u2019une vie\u00a0: Quand psychologie et spiritualit\u00e9 donnent un sens \u00e0 notre existence<\/em>, Robert Laffont, 2004<\/li>\n\n\n\n<li>Thierry JANSSEN, <em>Confidences d\u2019un homme en qu\u00eate de coh\u00e9rence, Les liens qui lib\u00e8rent<\/em>, 2012<\/li>\n\n\n\n<li>Daniel GOLEMAN, <em>L\u2019intelligence \u00e9motionnelle int\u00e9grale\u00a0: Analyser et contr\u00f4ler ses sentiments et ses \u00e9motions et ceux des autres<\/em>, J\u2019ai lu, 2014<\/li>\n\n\n\n<li>Daniel GOLEMAN, <em>Cultiver l\u2019intelligence relationnelle\u00a0: Comment ma\u00eetriser notre relation aux autres pour vivre mieux<\/em>, Pocket, 2011<\/li>\n\n\n\n<li>Isabelle FILLIOZAT, <em>Que se passe-t-il en moi\u00a0?\u00a0: Mieux vivre ses \u00e9motions au quotidien<\/em>, Poche Marabout, 2013<\/li>\n\n\n\n<li>Isabelle FILLIOZAT, <em>Au c\u0153ur des \u00e9motions de l\u2019enfant\u00a0: Que faire devant les larmes\u00a0? Comment r\u00e9agir face aux paniques\u00a0?,<\/em> Poche Marabout, 2013<\/li>\n\n\n\n<li>Dr Mo\u00efra MIKOLAJCZAK, Jordi QUOIDBACH, Ilios KOTSOU et Delphine NELIS, <em>Les comp\u00e9tences \u00e9motionnelles<\/em>, Dunod, 2014<\/li>\n\n\n\n<li>Dr Martin DESSEILLES et Dr Mo\u00efra MIKOLAJCZAK, <em>Vivre mieux avec ses \u00e9motions<\/em>, Odile Jacob, 2013<\/li>\n\n\n\n<li>Gary CHAPMAN, <em>Au c\u0153ur des 5 langages de l\u2019amour\u00a0: Le secret des couples qui durent<\/em>, Leduc.s Editions, 2015<\/li>\n\n\n\n<li>Benjamin SCHOENDORFF, <em>Faire face \u00e0 la souffrance\u00a0: Choisir la vie plut\u00f4t que la lutte avec la Th\u00e9rapie d\u2019Acceptation et d\u2019Engagement<\/em>, Retz, 2009<\/li>\n<\/ul>\n\n\n\n<p><span style=\"color: #00ff00;\"><strong>&nbsp;<\/strong><strong>A la d\u00e9couverte d\u2019ouvrages sur la question du surpoids:<\/strong><\/span><\/p>\n\n\n\n<ul>\n<li>G\u00e9rard APFELDORFER, <em>Maigrir, c\u2019est dans la t\u00eate<\/em>, Odile Jacob, 2014<\/li>\n\n\n\n<li>Dr Stephane CLERGET, <em>Les kilos \u00e9motionnels\u00a0: Comment s\u2019en lib\u00e9rer<\/em>, Le Livre de Poche, 2015<\/li>\n<\/ul>\n\n\n\n<p><span style=\"color: #ff00ff;\"><strong>&nbsp;<\/strong><strong>A la d\u00e9couverte de la naissance<\/strong><strong>:<\/strong><\/span><\/p>\n\n\n\n<ul>\n<li>Stanislas GROF,\u00a0<em>Les nouvelles dimensions de la conscience<\/em>, Editions du Rocher, 1989<\/li>\n\n\n\n<li>Bernard MONTAUD, <em>L&#8217;accompagnement de la naissance<\/em>, Saut dans l\u2019inconnu, 1998<\/li>\n\n\n\n<li><span style=\"text-align: justify;\">Conf\u00e9rence de Catherine Dolto sur l&#8217;Haptonomie\u00a0:\u00a0<\/span><a style=\"text-align: justify;\" href=\"https:\/\/www.youtube.com\/watch?v=RrDkovbuWjM\">https:\/\/www.youtube.com\/watch?v=RrDkovbuWjM<\/a><\/li>\n<\/ul>\n\n\n\n<p><span style=\"color: #000000;\"><strong><u>Liens vers des sites recommandables et partenaires&nbsp;<\/u>:<\/strong><\/span><\/p>\n\n\n<div class=\"wp-block-image\">\n<figure class=\"alignright\"><img loading=\"lazy\" decoding=\"async\" width=\"1024\" height=\"768\" src=\"http:\/\/re-unir.net\/wp-content\/uploads\/2018\/04\/IMG_3282-1024x768.jpg\" alt=\"\" class=\"wp-image-193\" srcset=\"https:\/\/re-unir.net\/wp-content\/uploads\/2018\/04\/IMG_3282-1024x768.jpg 1024w, https:\/\/re-unir.net\/wp-content\/uploads\/2018\/04\/IMG_3282-300x225.jpg 300w, https:\/\/re-unir.net\/wp-content\/uploads\/2018\/04\/IMG_3282-768x576.jpg 768w\" sizes=\"(max-width: 1024px) 100vw, 1024px\" \/><\/figure><\/div>\n\n\n<p><strong>E.E.P.A<\/strong>.: Ecole Europ\u00e9enne des Philosophies et Psychoth\u00e9rapies Appliqu\u00e9es, Bruxelles, Belgique, et Paris, France<br>\n<a href=\"http:\/\/www. eepa.eu\">www. eepa-be.com et www.eepa.eu<\/a><\/p>\n\n\n\n<p><strong>La Foresti\u00e8re&nbsp;asbl<\/strong>: Groupe de formation et de recherche en th\u00e9rapies syst\u00e9miques, Bruxelles<br>\n<a href=\"http:\/\/www.forestiereasbl.be\">www.forestiereasbl.be<\/a><\/p>\n\n\n\n<p><strong>Atmaran&nbsp;-EMTE<\/strong>: Ecole de th\u00e9rapie et d\u2019analyse psychocorporelle, \u00e9nerg\u00e9tique et \u00e9motionnelle, Bruxelles<br>\n<a href=\"http:\/\/www. https:\/\/atmaram.be\">www. https:\/\/atmaram.be<\/a><\/p>\n\n\n\n<p><strong>Accademia di Psicoterapia della Famiglia<\/strong>, Rome, italie<br>\n<a href=\"http:\/\/www.accademiapsico.it\">www.accademiapsico.it<\/a><\/p>\n\n\n\n<p><strong>IMHEB<\/strong>, Institut Milton H. Erickson Belgique, La hulpe,&nbsp;<span style=\"color: #0000ff;\">www.imheb.be<\/span><\/p>\n\n\n\n<p><strong>IBEPI<\/strong>, Institut Belge d&#8217;Endobiog\u00e9nie et de Physiologie Int\u00e9grative, Bruxelles, <span style=\"color: #0000ff;\">www.endobiogenie.eu<\/span><\/p>\n\n\n\n<p><strong>O.M.A:<\/strong> Over Cultural Mediation Agency, Bruxelles<br>\n<span style=\"color: #0000ff;\"><a style=\"color: #0000ff;\" href=\"http:\/\/www.oma-mediation.com\">www.oma-mediation.com<\/a><\/span><\/p>\n","protected":false},"excerpt":{"rendered":"<p>R\u00e9f\u00e9rences bibliographiques A la d\u00e9couverte de la psychanalyse&nbsp;et de l\u2019interpr\u00e9tation des r\u00eaves&nbsp;: A&nbsp;la d\u00e9couverte&nbsp;de la th\u00e9rapie existentielle&nbsp;: questionnement sur la mort, le sens de la vie&#8230; A la d\u00e9couverte de la th\u00e9rapie de couple et familiale syst\u00e9mique: A la d\u00e9couverte de la th\u00e9rapie transpersonnelle et approche corporelle et \u00e9nerg\u00e9tiques: A la d\u00e9couverte de l&#8217;hypnose Ericksonienne,&nbsp;strat\u00e9gique&nbsp;et [&hellip;]<\/p>\n","protected":false},"author":1,"featured_media":0,"parent":0,"menu_order":0,"comment_status":"closed","ping_status":"closed","template":"","meta":{"footnotes":""},"_links":{"self":[{"href":"https:\/\/re-unir.net\/index.php\/wp-json\/wp\/v2\/pages\/10"}],"collection":[{"href":"https:\/\/re-unir.net\/index.php\/wp-json\/wp\/v2\/pages"}],"about":[{"href":"https:\/\/re-unir.net\/index.php\/wp-json\/wp\/v2\/types\/page"}],"author":[{"embeddable":true,"href":"https:\/\/re-unir.net\/index.php\/wp-json\/wp\/v2\/users\/1"}],"replies":[{"embeddable":true,"href":"https:\/\/re-unir.net\/index.php\/wp-json\/wp\/v2\/comments?post=10"}],"version-history":[{"count":29,"href":"https:\/\/re-unir.net\/index.php\/wp-json\/wp\/v2\/pages\/10\/revisions"}],"predecessor-version":[{"id":285,"href":"https:\/\/re-unir.net\/index.php\/wp-json\/wp\/v2\/pages\/10\/revisions\/285"}],"wp:attachment":[{"href":"https:\/\/re-unir.net\/index.php\/wp-json\/wp\/v2\/media?parent=10"}],"curies":[{"name":"wp","href":"https:\/\/api.w.org\/{rel}","templated":true}]}}